{"id":426,"date":"2015-12-02T11:15:56","date_gmt":"2015-12-02T11:15:56","guid":{"rendered":"http:\/\/blogs.uab.cat\/arselectionis\/?page_id=426"},"modified":"2024-10-07T17:59:01","modified_gmt":"2024-10-07T15:59:01","slug":"recull-de-premsa","status":"publish","type":"page","link":"https:\/\/mat.uab.cat\/web\/arselectionis\/?page_id=426","title":{"rendered":"Recull de premsa"},"content":{"rendered":"<h3>2024<\/h3>\n<dl>\n<dt>ago 2 \u2003 <strong><em><span style=\"font-size: revert\">Iniciativa per que el Parlament de Catalunya adopti una Llei Electoral Catalana<\/span><\/em> \u2003 <a href=\"https:\/\/catalansalmon.com\/microsites\/lleielectoral\/\" target=\"_blank\" rel=\"noopener noreferrer\">CatalansAlMon<\/a><\/strong><\/dt>\n<dd><span style=\"font-size: revert\">El text de motivaci\u00f3 d&#8217;aquesta iniciativa<\/span><span style=\"font-size: revert\"> es refereix al fet que aquesta llei est\u00e0 bloquejada perqu\u00e8 els partits no es posen d&#8217;acord en la distribuci\u00f3 territorial dels escons. En relaci\u00f3 amb aix\u00f2, se sol donar per descomptat que aquesta distribuci\u00f3 influeix en el repartiment final dels escons entre els partits. Aix\u00f2 \u00e9s cert amb el sistema actual, que aplica el mateix procediment per separat en cada circumscripci\u00f3. Tanmateix, existeixen alternatives que aconsegueixen que el repartiment global dels escons entre els partits no depengui en cap manera de com s\u2019hagi dissenyat la divisi\u00f3 territorial. Vegi&#8217;s la nostra entrada <a href=\"https:\/\/mat.uab.cat\/web\/arselectionis\/?p=1995\">Sistemes electorals del segle XXI<\/a><\/span><span style=\"font-size: revert\">, especialment els seus apartats 2 (Sistema compensatori suec, reformat el 2015 i estrenat el 2018)<\/span>\u00a0 <span style=\"font-size: revert\">i 3 (Sistema biproporcional, adoptat per diversos cantons su\u00efssos<\/span>\u00a0 <span style=\"font-size: revert\">des de 2006).<\/span><\/dd>\n<dd><span style=\"font-size: revert\">O sigui, que la q\u00fcesti\u00f3 del disseny territorial ja no pot ser una excusa. I que la soluci\u00f3 no est\u00e0 en \u201caparcar aquest punt i seguir endavant amb la resta\u201d, com proposen en aquesta iniciativa, sin\u00f3 en adoptar un d&#8217;aquests sistemes que eviten el problema.<\/span><\/dd>\n<\/dl>\n<h3>2021<\/h3>\n<dl>\n<dt>jul 4 \u2003 <strong><i>\u00bfUn refer\u00e8ndum amb tres opcions a Catalunya?<\/i> \u2003 per Jordi Mu\u00f1oz. \u2003 <a href=\"https:\/\/www.ara.cat\/politica\/referendum-tres-opcions-catalunya_1_4042583.html\" target=\"_blank\" rel=\"noopener noreferrer\">Diari Ara<\/a> <\/strong><\/dt>\n<dd>S&#8217;hi considera un exemple d&#8217;actualitat del problema de decidir col\u00b7lectivament entre m\u00e9s de dues opcions. Concretament, es refereix a una enquesta del Centre d&#8217;Estudis d&#8217;Opini\u00f3 que examinava les prefer\u00e8ncies dels catalans entre tres opcions sobre la relaci\u00f3 entre Catalunya i Espanya: independ\u00e8ncia, federalisme i autonomia. Els resultats d&#8217;aquesta enquesta s\u00f3n interpretats com si es tract\u00e9s d&#8217;una votaci\u00f3 preferencial i s&#8217;utilitzen per il\u00b7lustrar la diversitat de m\u00e8todes aparentment raonables que hi ha per a determinar el resultat i el fet que f\u00e0cilment poden dur a resultats diferents. Queda clar, doncs, que en una votaci\u00f3 amb m\u00e9s de dues opcions \u00e9s indispensable especificar d&#8217;entrada quin m\u00e8tode s&#8217;usar\u00e0 per a determinar el resultat. En relaci\u00f3 amb aix\u00f2, molta gent tendeix a pronunciar-se per un m\u00e8tode o un altre en funci\u00f3 del resultat que s&#8217;obtingui en un cas particular d&#8217;especial inter\u00e8s, com el de l&#8217;article. Per fer-ho b\u00e9, per\u00f2, \u00e9s essencial considerar un cas general, especificar uns criteris objectius, i veure quins m\u00e8todes els compleixen i quins no. Vegin-se les nostres entrades <a href=\"https:\/\/mat.uab.cat\/web\/arselectionis\/?p=20\" target=\"_blank\" rel=\"noopener\">Votacions amb m\u00e9s de dues opcions<\/a> i <a href=\"https:\/\/mat.uab.cat\/web\/arselectionis\/?p=22\" target=\"_blank\" rel=\"noopener\">Refer\u00e8ndums amb propostes alternatives<\/a><\/dd>\n<\/dl>\n<h3>2020<\/h3>\n<dl>\n<dt>nov 24 \u2003 <strong><i>Xavier Mora: \u2018Su\u00efssa ha trobat una soluci\u00f3\u2019<\/i> \u2003 per Andreu Barnils. \u2003 <a href=\"https:\/\/www.vilaweb.cat\/noticies\/xavier-mora-suissa-ha-trobat-la-solucio\/\" target=\"_blank\" rel=\"noopener noreferrer\">Vilaweb<\/a> <\/strong><\/dt>\n<dd>Una entrevista sobre els continguts d&#8217;aquest blog.<\/dd>\n<dt>mai 13 \u2003 <strong><i>El frac\u00e0s del mal menor<\/i> \u2003 per Ferran Casas. \u2003 <a href=\"https:\/\/www.naciodigital.cat\/noticia\/202231\/fracas\/mal\/menor\" target=\"_blank\" rel=\"noopener noreferrer\">Naci\u00f3 Digital<\/a> <\/strong><\/dt>\n<dd>Un exemple de llibre de com l&#8217;opci\u00f3 m\u00e9s votada pot ser al mateix temps la m\u00e9s indesitjada. I de l&#8217;actualitat de <a href=\"https:\/\/mat.uab.cat\/web\/arselectionis\/?p=1417\" target=\"_blank\" rel=\"noopener noreferrer\">Ramon Llull<\/a>.<\/dd>\n<\/dl>\n<h3>2019<\/h3>\n<dl>\n<dt>nov 11 \u2003 <strong><i>Per qu\u00e8 Podem i M\u00e9s Pa\u00eds tenen 34.000 vots m\u00e9s que Vox per\u00f2 14 escons menys<\/i>. \u2003 <a href=\"https:\/\/www.ccma.cat\/324\/per-que-podem-i-mes-pais-tenen-34-000-vots-mes-que-vox-pero-14-escons-menys\/noticia\/2962433\/\" target=\"_blank\" rel=\"noopener noreferrer\">CCMA Not\u00edcies<\/a> <\/strong><\/dt>\n<dd>Un exemple m\u00e9s de les desproporcions que causa el fet de tenir moltes circumscripcions de mida petita.<\/dd>\n<dt>mar 11 \u2003 <strong><i>La irrupci\u00f3 de Vox pot impedir la majoria absoluta de la dreta al congr\u00e9s i al senat espanyols<\/i> \u2003 per Alexandre Solano. \u2003 <a href=\"https:\/\/www.vilaweb.cat\/noticies\/la-irrupcio-de-vox-pot-impedir-la-majoria-absoluta-de-la-dreta-al-congres-i-al-senat-espanyol\/\" target=\"_blank\" rel=\"noopener noreferrer\">Vilaweb<\/a> <\/strong><\/dt>\n<dd>Sobre els coneguts defectes del sistema electoral espanyol i la manera en qu\u00e8 poden afectar les Eleccions Generals Espanyoles del proper 28 d&#8217;abril.<\/dd>\n<\/dl>\n<h3>2018<\/h3>\n<dl>\n<dt>nov 15 \u2003 <strong><i>This city just approved a new election system never tried before in America<\/i> \u2003 per Kelsey Piper. \u2003<a href=\"https:\/\/www.vox.com\/future-perfect\/2018\/11\/15\/18092206\/midterm-elections-vote-fargo-approval-voting-ranked-choice\" target=\"_blank\" rel=\"noopener noreferrer\">Vox \u00b7 American news and opinion website<\/a> <\/strong><\/dt>\n<dd>Es tracta de la ciutat de Fargo (North Dakota), que el passat 6 de novembre va adoptar el <a href=\"https:\/\/mat.uab.cat\/web\/arselectionis\/?p=139\" target=\"_blank\" rel=\"noopener noreferrer\">vot d&#8217;aprovaci\u00f3<\/a> per a elegir els seus c\u00e0rrecs municipals<\/dd>\n<dt>set 9 \u2003 <strong><a href=\"https:\/\/en.wikipedia.org\/wiki\/Swedish_general_election,_2018\" target=\"_blank\" rel=\"noopener noreferrer\">Eleccions Generals Sueques 2018<\/a> <\/strong><\/dt>\n<dd>S\u00f3n les primeres eleccions s&#8217;aquest pa\u00eds despr\u00e9s de la <a href=\"https:\/\/mat.uab.cat\/web\/arselectionis\/?p=1706\" target=\"_blank\" rel=\"noopener noreferrer\">reforma que van fer per millorar la proporcionalitat<\/a>.<\/dd>\n<dt>mar 5 \u2003 <strong><i>Vots rigorosament desiguals<\/i> \u2003 per Carles Castro. \u2003 <a href=\"http:\/\/www.lavanguardia.com\/politica\/20180305\/441278758302\/sistema-electoral-catalunya-espana.html\" target=\"_blank\" rel=\"noopener noreferrer\">La Vanguardia<\/a> <\/strong><\/dt>\n<dd>A difer\u00e8ncia de les eleccions espanyoles, a Catalunya el principal problema no \u00e9s que les circumscripcions siguin massa petites, sin\u00f3 la seva heterogene\u00eftat pel que fa a la distribuci\u00f3 del vot entre els diferents partits. A primera vista, la proporcionalitat entre vots i escons dels diferents partits est\u00e0 renyida amb una distribuci\u00f3 territorial prefixada dels escons. Per\u00f2 no \u00e9s aix\u00ed. Tal com ja hem dit en altres llocs, el problema es pot resoldre mitjan\u00e7ant el <a href=\"https:\/\/mat.uab.cat\/web\/arselectionis\/?p=1873\" target=\"_blank\" rel=\"noopener noreferrer\">sistema biproporcional<\/a>, que usen diversos cantons su\u00efssos des de 2006.<\/dd>\n<dt>mar 4 \u2003 <strong><a href=\"https:\/\/en.wikipedia.org\/wiki\/Italian_general_election,_2018#New_electoral_system\" target=\"_blank\" rel=\"noopener noreferrer\">Eleccions Generals Italianes 2018<\/a> <\/strong><\/dt>\n<dd>Han estrenat un nou sistema electoral &#8212;conegut com <i>Rosatellum<\/i>&#8212; que \u00e9s de tipus mixt per\u00f2 <i>no compensatori<\/i>. Un 63% dels escons s&#8217;assignen mitjan\u00e7ant un procediment de repartiment proporcional, per\u00f2 la resta s&#8217;adjudiquen per majoria simple en districtes uninominals. Per tant, els resultats finals es poden desviar for\u00e7a de la proporcionalitat, a difer\u00e8ncia d&#8217;un sistema mixt compensatori, com l&#8217;alemany.<\/dd>\n<dt>feb 8 \u2003 <strong><i>La varita m\u00e1gica de la f\u00f3rmula electoral<\/i> \u2003 per Alberto Penad\u00e9s. \u2003<a href=\"https:\/\/www.eldiario.es\/piedrasdepapel\/hada-formulas-electorales_6_738136195.html\" target=\"_blank\" rel=\"noopener noreferrer\">eldiario.es<\/a> <\/strong><\/dt>\n<dd>Tamb\u00e9 es refereix especialment a la proposta de substituir la regla de D&#8217;Hondt per la de Sainte-Lagu\u00eb i ho il\u00b7lustra mitjan\u00e7ant les Eleccions Generals Espanyoles de 2016. A m\u00e9s de la regla de Sainte-Lagu\u00eb pr\u00f2piament dita, tamb\u00e9 considera la modificaci\u00f3 que Su\u00e8cia ha estat utilitzant des de 1952 fins ara (que correspon a dividir successivament per 1.4, 3, 5, 7&#8230; en lloc de 1, 3, 5, 7&#8230;). Aquesta modificaci\u00f3 fa m\u00e9s dif\u00edcil d&#8217;obtenir el primer esc\u00f3 i per tant perjudica la proporcionalitat. El 2015 Su\u00e8cia va aprovar una nova modificaci\u00f3 (que ser\u00e0 estrenada aquest any) la qual utilitza el valor 1.2 en lloc de 1.4. <!--Tamb\u00e9 es troben a faltar els resultats de Sainte-Lagu\u00eb si es tract\u00e9s d'una sola circumscripci\u00f3, els quals permetrien valorar fins a quin punt es contrarresta o no l'efecte de tenir moltes circumscripcions de mida petita.--><\/dd>\n<dt>feb 8 \u2003 <strong><i>D&#8217;Hondt ha muerto, larga vida a Saint-Lagu\u00eb<\/i> \u2003 per Pablo Sim\u00f3n. \u2003<a href=\"https:\/\/elpais.com\/elpais\/2018\/02\/07\/opinion\/1518021659_807668.html\" target=\"_blank\" rel=\"noopener noreferrer\">El Pa\u00eds<\/a> <\/strong><\/dt>\n<dd>Tamb\u00e9 motivat per les propostes de reforma de Podemos i Ciudadanos, aquest article es refereix especialment a la proposta de substituir la regla de D&#8217;Hondt per la de Sainte-Lagu\u00eb, de la qual es diu que proporcionaria \u201cuna mejora substancial en proporcionalidad\u201d. Aquesta afirmaci\u00f3 \u00e9s correcta. Tanmateix, la q\u00fcesti\u00f3 \u00e9s una mica subtil. D&#8217;entrada, amb la regla de Sainte-Lagu\u00eb pot continuar passant que un partit tingui una majoria absoluta d&#8217;escons sense tenir una majoria absoluta de vots. D&#8217;altra banda, tamb\u00e9 pot passar que tingui majoria absoluta de vots per\u00f2 no d&#8217;escons (la qual cosa \u00e9s impossible amb la regla de D&#8217;Hondt!). Aplicada a una sola circumscripci\u00f3, no es pot dir que la regla de Sainte-Lagu\u00eb sigui m\u00e9s proporcional que D&#8217;Hondt o a l&#8217;inrev\u00e9s; perqu\u00e8 el concepte de ser m\u00e9s o menys proporcional es pot entendre de diverses maneres diferents, totes elles raonables. L&#8217;avantatge de Sainte-Lagu\u00eb sobre D&#8217;Hondt est\u00e0 en el que passa en combinar moltes circumscripcions: la regla de D&#8217;Hondt tendeix a acumular els errors a favor dels partits m\u00e9s grans i en contra dels petits. En canvi, la regla de Sainte-Lagu\u00eb \u00e9s m\u00e9s equilibrada en relaci\u00f3 amb aix\u00f2.<\/dd>\n<dt>feb 8 \u2003 <strong><i>Rivera e Iglesias vuelven a cabalgar juntos<\/i> \u2003 per Rodolfo Irago. \u2003 <a href=\"https:\/\/www.eldiario.es\/zonacritica\/Rivera-Iglesias-vuelven-cabalgar-juntos_6_738136192.html\" target=\"_blank\" rel=\"noopener noreferrer\">eldiario.es<\/a> <\/strong><\/dt>\n<dd>Insisteix en la not\u00edcia precedent (mostrada m\u00e9s avall). En un cert moment s&#8217;adhereix al mite que \u201clos grandes beneficiados del sistema electoral espa\u00f1ol han sido tambi\u00e9n [a m\u00e9s del PP i PSOE] los partidos nacionalistas\u201d. Aix\u00f2 no \u00e9s correcte. El que \u00e9s cert \u00e9s que entre els partits no majoritaris, els m\u00e9s perjudicats s\u00f3n els que estan molt distribu\u00efts per tot el territori. Els que es concentren en unes poques circumscripcions &#8212;com \u00e9s el cas dels partits nacionalistes&#8212; no es veuen tan perjudicats, per\u00f2 aix\u00f2 no vol dir que siguin beneficiats. Vegi&#8217;s, per exemple, la taula que mostrem al nostre comentari de les <a href=\"https:\/\/mat.uab.cat\/web\/arselectionis\/?p=1283\" target=\"_blank\" rel=\"noopener noreferrer\">Eleccions Generals Espanyoles de 2016<\/a>, on es pot comprovar que el m\u00e9s beneficiat va ser el PP (20 escons de m\u00e9s), que el m\u00e9s perjudicat va ser C&#8217;s (14 escons de menys), i que cap dels partits locals (ERC, CDC, EAJ-PNV, EH Bildu i CC) es va desviar respecte a la proporcionalitat en m\u00e9s d&#8217;1 esc\u00f3.<\/dd>\n<dt>feb 2 \u2003 <strong><i>Iglesias i Rivera volen eliminar les primes electorals de PP i PSOE<\/i> \u2003 per Pedro Vall\u00edn. \u2003 <a href=\"http:\/\/epaper.lavanguardia.com\/reader\/fd486814-567f-4583-9907-00d0eac0a5c3?origin=\/la-vanguardia\/la-vanguardia-catala\/2018-02-02\" target=\"_blank\" rel=\"noopener noreferrer\">La Vanguardia<\/a> (p.\u00a018) <\/strong><\/dt>\n<dd>Totes les propostes que es comenten van efectivament en el sentit de millorar la proporcionalitat. En particular, les propostes d&#8217;augmentar el Congr\u00e9s fins a 400 escons i de reduir de dos a un el m\u00ednim provincial en l&#8217;algorisme de distribuci\u00f3 dels escons entre circumscripcions van contra la principal causa de desproporci\u00f3 del sistema electoral espanyol, a saber, el fet de tenir moltes circumscripcions de mida petita. Tanmateix, nom\u00e9s aconseguirien reduir lleugerament el problema, que continuaria estant present en gran mesura. Una alternativa molt m\u00e9s efectiva seria el <a href=\"https:\/\/mat.uab.cat\/web\/arselectionis\/?p=1604\" target=\"_blank\" rel=\"noopener noreferrer\">sistema biproporcional<\/a>.<\/dd>\n<\/dl>\n<h3>2017<\/h3>\n<dl>\n<dt>des 29 \u2003 <strong>Resultats definitius oficials de les Eleccions al Parlament de Catalunya 2017. \u00a0<a href=\"https:\/\/portaldogc.gencat.cat\/utilsEADOP\/PDF\/7525\/1650972.pdf\" target=\"_blank\" rel=\"noopener noreferrer\">DOGC n\u00fam\u00a07525<\/a><\/strong><\/dt>\n<dd>Hi ha inconsist\u00e8ncies aritm\u00e8tiques gens acceptables! Concretament, en la prov\u00edncia de Barcelona, la suma dels vots de les diferents candidatures no coincideix amb el valor que se\u2019n d\u00f3na al principi del document. I afegint-hi els vots nuls i en blanc tampoc coincideix amb el valor que \u00e9s d\u00f3na com a nombre total de votants. Per sort, no hi hauria conseq\u00fc\u00e8ncia en els nombres d\u2019escons. Per\u00f2 suscita una certa desconfian\u00e7a.<\/dd>\n<dt>des 24 \u2003 <strong><i>Per qu\u00e8 Arrimadas no t\u00e9 ra\u00f3 quan es queixa del sistema electoral catal\u00e0<\/i> \u2003 per Marc Guinjoan. \u2003 <a href=\"https:\/\/www.naciodigital.cat\/noticia\/145538\/arrimadas\/no\/rao\/quan\/es\/queixa\/sistema\/electoral\/catala\" target=\"_blank\" rel=\"noopener noreferrer\">Naci\u00f3 Digital<\/a> <\/strong><\/dt>\n<dd>Entre altres coses, en aquest article s&#8217;afirma que una millora de la proporcionalitat de partit a nivell global &#8212;com si hi hagu\u00e9s una sola circumscripci\u00f3&#8212; est\u00e0 renyida amb mantenir una representaci\u00f3 adequada de les zones m\u00e9s despoblades. Aix\u00f2 \u00e9s fals: el <a href=\"https:\/\/mat.uab.cat\/web\/arselectionis\/?p=1604\" target=\"_blank\" rel=\"noopener noreferrer\">sistema biproporcional<\/a>, adoptat recentment en diversos cantons su\u00efssos, permet aconseguir aquest doble objectiu.<\/dd>\n<dt>des 23 \u2003 <strong><i>Els sobiranistes no tindrien majoria absoluta amb una circumscripci\u00f3 \u00fanica a Catalunya.<\/i>\u2003 <a href=\"http:\/\/www.diaridegirona.cat\/eleccions\/catalanes\/2017\/12\/23\/sobiranistes-no-tindrien-majoria-absoluta\/886747.html\" target=\"_blank\" rel=\"noopener noreferrer\">Diari de Girona<\/a> <\/strong><\/dt>\n<dd>Una vegada m\u00e9s, els resultats mostren certes desviacions respecte a la proporcionalitat. En particular, el bloc independentista ha obtingut una majoria absoluta d&#8217;escons sense tenir una majoria absoluta de vots. A difer\u00e8ncia de les eleccions espanyoles, aqu\u00ed el principal problema no \u00e9s que les circumscripcions siguin massa petites, sin\u00f3 la seva heterogene\u00eftat pel que fa a la distribuci\u00f3 del vot entre els diferents partits.<\/dd>\n<dt>set 25 \u2003 <strong><a href=\"https:\/\/www.bundeswahlleiter.de\/info\/presse\/mitteilungen\/bundestagswahl-2017\/32_17_vorlaeufiges_ergebnis.html\" target=\"_blank\" rel=\"noopener noreferrer\">Resultats provisionals de les eleccions federals alemanyes 2017<\/a> <\/strong><\/dt>\n<dd>En lloc dels 598\u00a0escons que seria la mida normal, aquesta vegada es preveu que el <i>Bundestag<\/i> hagi d&#8217;augmentar fins a 709\u00a0escons! Aix\u00f2 es deu a que, per a alguns partits i en algunes regions, el nombre d&#8217;escons obtinguts mitjan\u00e7ant el vot personalitzat a nivell de districte supera el nombre d&#8217;escons que correspon segons una certa regla de proporcionalitat aplicada al vot de partit a nivell regional. Des del 2013 en aquests casos s&#8217;aplica un procediment que mant\u00e9 la proporcionalitat mitjan\u00e7ant un augment de la mida de la cambra. Vegi&#8217;s la nostra entrada sobre <a href=\"https:\/\/mat.uab.cat\/web\/arselectionis\/?p=1624\" target=\"_blank\" rel=\"noopener noreferrer\">el sistema mixt compensatori<\/a>, on ja vam assenyalar que pot ser necessari un augment bastant gran de la cambra.<\/dd>\n<dt>gen 10 \u2003 <strong><i>Compare voting systems to improve them<\/i> \u2003 per Guruprasad Madhavan, Charles Phelps i Rino Rappuoli. \u2003 <a href=\"http:\/\/www.nature.com\/news\/compare-voting-systems-to-improve-them-1.21257\" target=\"_blank\" rel=\"noopener noreferrer\">ara.cat<\/a> <\/strong><\/dt>\n<dd>Una visi\u00f3 molt general de la problem\u00e0tica de les votacions i eleccions des d&#8217;un punt de vista cient\u00edfic<\/dd>\n<dt>gen 9 \u2003 <strong><i>Dues paperetes per a Catalunya<\/i> \u2003 per Jaume L\u00f3pez. \u2003 <a href=\"http:\/\/www.ara.cat\/opinio\/Jaume-Lopez-dues-paperetes-per-Catalunya_0_1721227864.html\" target=\"_blank\" rel=\"noopener noreferrer\">ara.cat<\/a> <\/strong><\/dt>\n<dd><a href=\"https:\/\/mat.uab.cat\/web\/arselectionis\/?p=1611\">Comentari a part<\/a><\/dd>\n<\/dl>\n<h3>2016<\/h3>\n<dl>\n<dt>nov 8 \u2003 <strong><i>C\u00f3mo quedar\u00eda el Congreso espa\u00f1ol con el sistema electoral de EEUU?<\/i> \u2003 <a href=\"http:\/\/www.eldiario.es\/internacional\/quedado-Congreso-sistema-electoral-EEUU_0_578143215.html\" target=\"_blank\" rel=\"noopener noreferrer\">eldiario.es<\/a> <\/strong><\/dt>\n<dd><a href=\"https:\/\/mat.uab.cat\/web\/arselectionis\/?p=1485\">Comentari a part<\/a><\/dd>\n<dt>nov 7 \u2003 <strong><i>Transitorietat i llei electoral<\/i>, \u2003 per Pere Pug\u00e8s. \u2003 <a href=\"http:\/\/www.ara.cat\/opinio\/Transitorietat-llei-electoral_0_1682831704.html\" target=\"_blank\" rel=\"noopener noreferrer\">ara.cat<\/a> <\/strong><\/dt>\n<dd><a href=\"https:\/\/mat.uab.cat\/web\/arselectionis\/?p=1517\">Comentari a part<\/a><\/dd>\n<dt>oct 15 \u2003 <strong><i>A better way to vote?<\/i> \u2003 <a href=\"http:\/\/www.nytimes.com\/2016\/10\/16\/opinion\/sunday\/a-better-way-to-vote.html?_r=0\" target=\"_blank\" rel=\"noopener noreferrer\">The New York Times<\/a> \u2002 (cartes dels lectors) <\/strong><\/dt>\n<dd>Les actuals eleccions presidencials americanes segueixen fent que es parli molt de sistemes de votaci\u00f3 alternatius m\u00e9s encertats, pensant tamb\u00e9 en les eleccions prim\u00e0ries dels partits. Entre les diverses opinions recollides en aquest enlla\u00e7, ens sembla especialment encertada la del Prof. Steven Brams, que defensa el vot d&#8217;aprovaci\u00f3. (Vegi&#8217;s la nostra entrada <a href=\"https:\/\/mat.uab.cat\/web\/arselectionis\/?p=139\" target=\"_blank\" rel=\"noopener noreferrer\">Eleccions presidencials i similars<\/a>)<\/dd>\n<dt>jun 28 \u2003 <strong><i>\u00bfHabr\u00edan sido diferentes los resultados electorales con otro m\u00e9todo de reparto de esca\u00f1os?<\/i>, \u2003 per Eugenio Hern\u00e1ndez. \u2003 <a href=\"http:\/\/elpais.com\/elpais\/2016\/06\/28\/ciencia\/1467103893_081173.html\" target=\"_blank\" rel=\"noopener noreferrer\">El Pa\u00eds<\/a> <\/strong><\/dt>\n<dd>Es calculen els resultats de les recents Eleccions Generals Espanyoles de 2016 si les circumscripcions electorals no fossin les prov\u00edncies sin\u00f3 les comunitats aut\u00f2nomes i si a m\u00e9s s&#8217;hagu\u00e9s usat la regla de Sainte-Lagu\u00eb en lloc de la regla de D&#8217;Hondt.<\/dd>\n<dt>jun 26 \u2003 <strong><i>Ad\u00e9u a l&#8217;absolutisme<\/i>, \u2003 per Carles Castro. \u2003 <a href=\"http:\/\/www.lavanguardia.com\/encatala\/20160626\/402760910242\/adeu-a-l-absolutisme.html\" target=\"_blank\" rel=\"noopener noreferrer\">La Vanguardia<\/a> \u2002 (gr\u00e0fics inclosos nom\u00e9s en l&#8217;edici\u00f3 en paper)<\/strong><\/dt>\n<dd>Qu\u00e8 hauria passat en anteriors Eleccions Generals Espanyoles si en lloc de la regla de D\u2019Hondt s\u2019hagu\u00e9s usat la de les restes majors o b\u00e9 la de Sainte-Lagu\u00eb? Segons mostra l\u2019autor d\u2019aquest article, les difer\u00e8ncies en els resultats, tot i que petites, haurien estat suficients per a evitar gaireb\u00e9 totes les majories absolutes que hi ha hagut. (De tota manera, <a href=\"https:\/\/mat.uab.cat\/web\/arselectionis\/?p=1326\" target=\"_blank\" rel=\"noopener noreferrer\">els resultats encara restarien lluny de la proporcionalitat, a causa d&#8217;haver-hi moltes circumscripcions petites<\/a>).<\/dd>\n<dt>mai 9 \u2003 <strong><i>Trump and Clinton victorious: proof that US voting system doesn&#8217;t work<\/i>, \u2003 per Shannon Stappleton. \u2003 <a href=\"https:\/\/theconversation.com\/trump-and-clinton-victorious-proof-that-us-voting-system-doesnt-work-58752\" target=\"_blank\" rel=\"noopener noreferrer\">The conversation<\/a> <\/strong><\/dt>\n<dd>Les eleccions presidencials nord-americanes s\u00f3n un exemple destacat d\u2019una elecci\u00f3 col\u00b7lectiva entre m\u00e9s de dues opcions. Com insistim en diversos llocs d\u2019aquest blog, la utilitzaci\u00f3 del vot uninominal i la majoria simple pot donar resultats molt desencertats. Aquest article mostra que aquest \u00e9s efectivament el cas de l\u2019actual proc\u00e9s d\u2019eleccions presidencials als Estat Units: ja en les eleccions prim\u00e0ries dels partits els resultats s\u00f3n molt discutibles a la llum d\u2019una enquesta on cada enquestat puntuava els diversos candidats en una escala de cinc graus d\u2019aprovaci\u00f3. L\u2019article defensa un m\u00e8tode concret d&#8217;elecci\u00f3 col\u00b7lectiva basat en aquesta forma de votaci\u00f3.<\/dd>\n<dt>mar 1 \u2003 <strong><i>Arrog\u00e0ncia, c\u00e0lcul, superviv\u00e8ncia<\/i>, \u2003 per Salvador Card\u00fas. \u2003 <a href=\"http:\/\/www.ara.cat\/opinio\/govern-no-que-dels-mes_0_1532246767.html\" target=\"_blank\" rel=\"noopener noreferrer\">ara.cat<\/a><\/strong><\/dt>\n<dd>Sobre els factors humans que tant condicionen els processos electorals.<\/dd>\n<dt>feb 10 i 11 \u2003 <strong><i>Sistema electoral: eina de regeneraci\u00f3<\/i>, \u2003 per Xavier Roig. \u2003 <a href=\"http:\/\/www.ara.cat\/opinio\/Sistema-electoral-eina-regeneracio_0_1520847908.html\" target=\"_blank\" rel=\"noopener noreferrer\">ara.cat<\/a>, amb <a href=\"http:\/\/www.ara.cat\/opinio\/Sistema-electoral-eina-regeneracio-II_0_1521447874.html\" target=\"_blank\" rel=\"noopener noreferrer\">2a part<\/a><\/strong><\/dt>\n<dd>Una altra opini\u00f3 a favor de les circumscripcions uninominals! Vegi&#8217;s el comentari que en fem a la nostra entrada <a href=\"https:\/\/mat.uab.cat\/web\/arselectionis\/?p=780\" target=\"_blank\" rel=\"noopener noreferrer\">Circumscripcions uninominals? No, gr\u00e0cies!<\/a><\/dd>\n<dt>feb 4 \u2003 <strong><i>Sobre el sistema Camps<\/i>, \u2003 per Vicent Mengual. \u2003 <a href=\"http:\/\/www.levante-emv.com\/opinion\/2016\/02\/04\/sistema-camps\/1374478.html\" target=\"_blank\" rel=\"noopener noreferrer\">Levante<\/a><\/strong><\/dt>\n<dd>Un encertat comentari a l&#8217;article que segueix.<\/dd>\n<dt>gen 19 \u2003 <strong><i>El sistema Camps da 212 esca\u00f1os al PP<\/i>, \u2003 per Carlos Al\u00f2s. \u2003 <a href=\"http:\/\/www.levante-emv.com\/comunitat-valenciana\/2016\/01\/19\/sistema-camps-da-212-escanos\/1367673.html\" target=\"_blank\" rel=\"noopener noreferrer\">Levante<\/a><\/strong><\/dt>\n<dd>Vegi&#8217;s el comentari que en fem a la nostra entrada <a href=\"https:\/\/mat.uab.cat\/web\/arselectionis\/?p=780\" target=\"_blank\" rel=\"noopener noreferrer\">Circumscripcions uninominals? No, gr\u00e0cies!<\/a><\/dd>\n<\/dl>\n<h3>2015<\/h3>\n<dl>\n<dt>des 17 \u2003 <strong><i>Les quatre opcions que podran votar els militants de la CUP el dia 27<\/i>, \u2003 <a href=\"http:\/\/www.vilaweb.cat\/noticies\/les-quatre-opcions-que-podran-votar-els-militants-de-la-cup-el-dia-27\/\" target=\"_blank\" rel=\"noopener noreferrer\">VilaWeb<\/a><\/strong><\/dt>\n<dd>\u201cLa votaci\u00f3 es far\u00e0 amb un sistema d\u2019eliminaci\u00f3 de l\u2019alternativa menys votada i nova votaci\u00f3 fins que alguna assoleixi el 50% dels vots dels militants.\u201d Com mostrem a <a href=\"https:\/\/mat.uab.cat\/web\/arselectionis\/?p=346\" target=\"_blank\" rel=\"noopener noreferrer\">Dobles voltes<\/a>, aquest sistema no est\u00e0 exempt de problemes.<\/dd>\n<dt>nov 30 \u2003 <strong><i>Una obra mestra de la manipulaci\u00f3 electoral<\/i>, \u2003 per Pablo Sim\u00f3n. \u2003 <a href=\"http:\/\/www.ara.cat\/politica\/obra-mestra-manipulacio-electoral_0_1477052341.html\" target=\"_blank\" rel=\"noopener noreferrer\">ara.cat<\/a><\/strong><\/dt>\n<dd>Als tres biaixos de desproporcionalitat que explica molt b\u00e9 l&#8217;autor d&#8217;aquest article, cal afegir encara l&#8217;efecte de \u201cvot \u00fatil\u201d que afecta als partidaris d&#8217;opcions minorit\u00e0ries en les circunscripciones petites, com comentem a <a href=\"https:\/\/mat.uab.cat\/web\/arselectionis\/?p=15\" target=\"_blank\" rel=\"noopener noreferrer\">La desproporcionalitat dels sistema electoral espanyol<\/a><\/dd>\n<dt>ago 8 \u2003 <strong><i>Una propuesta de reforma electoral del PP: un an\u00e1lisis matem\u00e1tico<\/i>, \u2003 per Victoriano Ram\u00edrez Gonz\u00e1lez. \u2003 <a href=\"http:\/\/www.eldiario.es\/zonacritica\/propuesta-reforma-electoral-PP_6_417568260.html\" target=\"_blank\" rel=\"noopener noreferrer\">eldiario.es<\/a><\/strong><\/dt>\n<dd>Sobre les elecciones municipals i l&#8217;\u00e0nsia del PP per crear majories absolutes on no hi s\u00f3n.<\/dd>\n<\/dl>\n<hr \/>\n","protected":false},"excerpt":{"rendered":"<p>2024 ago 2 \u2003 Iniciativa per que el Parlament de Catalunya adopti una Llei Electoral Catalana \u2003 CatalansAlMon El text de motivaci\u00f3 d&#8217;aquesta iniciativa es refereix al fet que aquesta llei est\u00e0 bloquejada perqu\u00e8 els partits no es posen d&#8217;acord en la distribuci\u00f3 territorial dels escons. En relaci\u00f3 amb aix\u00f2, se sol donar per descomptat que aquesta distribuci\u00f3 influeix en el repartiment final dels escons entre els partits. Aix\u00f2 \u00e9s cert amb el.. <a class=\"read-more-link\" href=\"https:\/\/mat.uab.cat\/web\/arselectionis\/?page_id=426\">Llegir m\u00e9s<\/a><\/p>\n","protected":false},"author":42,"featured_media":0,"parent":0,"menu_order":0,"comment_status":"closed","ping_status":"closed","template":"","meta":{"footnotes":""},"class_list":["post-426","page","type-page","status-publish","hentry"],"_links":{"self":[{"href":"https:\/\/mat.uab.cat\/web\/arselectionis\/index.php?rest_route=\/wp\/v2\/pages\/426","targetHints":{"allow":["GET"]}}],"collection":[{"href":"https:\/\/mat.uab.cat\/web\/arselectionis\/index.php?rest_route=\/wp\/v2\/pages"}],"about":[{"href":"https:\/\/mat.uab.cat\/web\/arselectionis\/index.php?rest_route=\/wp\/v2\/types\/page"}],"author":[{"embeddable":true,"href":"https:\/\/mat.uab.cat\/web\/arselectionis\/index.php?rest_route=\/wp\/v2\/users\/42"}],"replies":[{"embeddable":true,"href":"https:\/\/mat.uab.cat\/web\/arselectionis\/index.php?rest_route=%2Fwp%2Fv2%2Fcomments&post=426"}],"version-history":[{"count":4,"href":"https:\/\/mat.uab.cat\/web\/arselectionis\/index.php?rest_route=\/wp\/v2\/pages\/426\/revisions"}],"predecessor-version":[{"id":3220,"href":"https:\/\/mat.uab.cat\/web\/arselectionis\/index.php?rest_route=\/wp\/v2\/pages\/426\/revisions\/3220"}],"wp:attachment":[{"href":"https:\/\/mat.uab.cat\/web\/arselectionis\/index.php?rest_route=%2Fwp%2Fv2%2Fmedia&parent=426"}],"curies":[{"name":"wp","href":"https:\/\/api.w.org\/{rel}","templated":true}]}}