{"id":1617,"date":"2025-11-04T09:01:33","date_gmt":"2025-11-04T09:01:33","guid":{"rendered":"https:\/\/mat.uab.cat\/web\/mcs\/?page_id=1617"},"modified":"2025-11-04T09:01:33","modified_gmt":"2025-11-04T09:01:33","slug":"xxv-dia-de-lestadistica-a-catalunya-resum-de-la-jornada","status":"publish","type":"page","link":"https:\/\/mat.uab.cat\/web\/mcs\/es\/xxv-dia-de-lestadistica-a-catalunya-resum-de-la-jornada\/","title":{"rendered":"XXV Dia de l\u2019Estad\u00edstica a Catalunya \u2013 Resum de la jornada"},"content":{"rendered":"<p><div class=\"fusion-fullwidth fullwidth-box fusion-builder-row-1 fusion-flex-container has-pattern-background has-mask-background nonhundred-percent-fullwidth non-hundred-percent-height-scrolling\" style=\"--awb-border-radius-top-left:0px;--awb-border-radius-top-right:0px;--awb-border-radius-bottom-right:0px;--awb-border-radius-bottom-left:0px;--awb-background-color:#ffffff;--awb-flex-wrap:wrap;\" ><div class=\"fusion-builder-row fusion-row fusion-flex-align-items-flex-start fusion-flex-content-wrap\" style=\"max-width:1216.8px;margin-left: calc(-4% \/ 2 );margin-right: calc(-4% \/ 2 );\"><div class=\"fusion-layout-column fusion_builder_column fusion-builder-column-0 fusion_builder_column_1_1 1_1 fusion-flex-column\" style=\"--awb-bg-size:cover;--awb-width-large:100%;--awb-margin-top-large:0px;--awb-spacing-right-large:1.92%;--awb-margin-bottom-large:20px;--awb-spacing-left-large:1.92%;--awb-width-medium:100%;--awb-order-medium:0;--awb-spacing-right-medium:1.92%;--awb-spacing-left-medium:1.92%;--awb-width-small:100%;--awb-order-small:0;--awb-spacing-right-small:1.92%;--awb-spacing-left-small:1.92%;\"><div class=\"fusion-column-wrapper fusion-column-has-shadow fusion-flex-justify-content-flex-start fusion-content-layout-column\"><div class=\"fusion-separator fusion-full-width-sep\" style=\"align-self: center;margin-left: auto;margin-right: auto;width:100%;\"><div class=\"fusion-separator-border sep-single sep-solid\" style=\"--awb-height:20px;--awb-amount:20px;--awb-sep-color:#546b63;border-color:#546b63;border-top-width:5px;\"><\/div><\/div><\/div><\/div><\/div><\/div><div class=\"fusion-fullwidth fullwidth-box fusion-builder-row-2 fusion-flex-container has-pattern-background has-mask-background nonhundred-percent-fullwidth non-hundred-percent-height-scrolling\" style=\"--awb-border-radius-top-left:0px;--awb-border-radius-top-right:0px;--awb-border-radius-bottom-right:0px;--awb-border-radius-bottom-left:0px;--awb-padding-right:20px;--awb-padding-left:20px;--awb-background-color:#ffffff;--awb-flex-wrap:wrap;\" ><div class=\"fusion-builder-row fusion-row fusion-flex-align-items-flex-start fusion-flex-content-wrap\" style=\"max-width:1216.8px;margin-left: calc(-4% \/ 2 );margin-right: calc(-4% \/ 2 );\"><div class=\"fusion-layout-column fusion_builder_column fusion-builder-column-1 fusion_builder_column_1_1 1_1 fusion-flex-column\" style=\"--awb-bg-size:cover;--awb-width-large:100%;--awb-margin-top-large:0px;--awb-spacing-right-large:1.92%;--awb-margin-bottom-large:20px;--awb-spacing-left-large:1.92%;--awb-width-medium:100%;--awb-order-medium:0;--awb-spacing-right-medium:1.92%;--awb-spacing-left-medium:1.92%;--awb-width-small:100%;--awb-order-small:0;--awb-spacing-right-small:1.92%;--awb-spacing-left-small:1.92%;\"><div class=\"fusion-column-wrapper fusion-column-has-shadow fusion-flex-justify-content-flex-start fusion-content-layout-column\"><div class=\"fusion-text fusion-text-1\"><h1>XXV Dia de l\u2019Estad\u00edstica a Catalunya \u2013 Resumen de la jornada<\/h1>\n<p>El pasado lunes <strong>20 de octubre de 2025<\/strong>, se celebr\u00f3 en la Sala d&#8217;Actes de la Facultat de Ci\u00e8ncies de la Universitat Aut\u00f2noma de Barcelona (UAB) la <strong>25a edici\u00f3n del Dia de l\u2019Estad\u00edstica a Catalunya<\/strong>, convocado por la <strong>Societat Catalana d\u2019Estad\u00edstica (SoCE)<\/strong> i organizada por el <strong>Servei de Consultoria Matem\u00e0tica (MCS-UAB)<\/strong>.<\/p>\n<p>Este a\u00f1o, la celebraci\u00f3n de este acto tuvo lugar coincidiendo con el D\u00eda Mundial de la Estad\u00edstica (que se celebra cada cinco a\u00f1os), una fecha para poner en valor el papel fundamental de la estad\u00edstica en el desarrollo del conocimiento y la toma de decisiones.<\/p>\n<p>El acto cont\u00f3 con una amplia participaci\u00f3n de profesionales, estudiantes e investigadores del \u00e1mbito de la estad\u00edstica y las ciencias de los datos. La jornada fue inaugurada por el decano de la Facultad de Ciencias, <strong>Dr. Juan Jes\u00fas Donaire<\/strong>; el subdirector del MCS-UAB, <strong>Dr. Lloren\u00e7 Badiella<\/strong>; la presidenta de la SoCE, <strong>Dra. Isabel Serra<\/strong>; y el Mgfc. Rector de la UAB, <strong>Dr. Javier Lafuente<\/strong>.<\/p>\n<div id=\"attachment_1589\" style=\"width: 1034px\" class=\"wp-caption aligncenter\"><img decoding=\"async\" aria-describedby=\"caption-attachment-1589\" class=\"wp-image-1589 size-large\" src=\"https:\/\/mat.uab.cat\/web\/mcs\/wp-content\/uploads\/sites\/18\/2025\/10\/Benvinguda-1024x576.jpg\" alt=\"\" width=\"1024\" height=\"576\" srcset=\"https:\/\/mat.uab.cat\/web\/mcs\/wp-content\/uploads\/sites\/18\/2025\/10\/Benvinguda-200x113.jpg 200w, https:\/\/mat.uab.cat\/web\/mcs\/wp-content\/uploads\/sites\/18\/2025\/10\/Benvinguda-300x169.jpg 300w, https:\/\/mat.uab.cat\/web\/mcs\/wp-content\/uploads\/sites\/18\/2025\/10\/Benvinguda-400x225.jpg 400w, https:\/\/mat.uab.cat\/web\/mcs\/wp-content\/uploads\/sites\/18\/2025\/10\/Benvinguda-600x338.jpg 600w, https:\/\/mat.uab.cat\/web\/mcs\/wp-content\/uploads\/sites\/18\/2025\/10\/Benvinguda-768x432.jpg 768w, https:\/\/mat.uab.cat\/web\/mcs\/wp-content\/uploads\/sites\/18\/2025\/10\/Benvinguda-800x450.jpg 800w, https:\/\/mat.uab.cat\/web\/mcs\/wp-content\/uploads\/sites\/18\/2025\/10\/Benvinguda-1024x576.jpg 1024w, https:\/\/mat.uab.cat\/web\/mcs\/wp-content\/uploads\/sites\/18\/2025\/10\/Benvinguda-1200x675.jpg 1200w, https:\/\/mat.uab.cat\/web\/mcs\/wp-content\/uploads\/sites\/18\/2025\/10\/Benvinguda-1536x864.jpg 1536w, https:\/\/mat.uab.cat\/web\/mcs\/wp-content\/uploads\/sites\/18\/2025\/10\/Benvinguda.jpg 1600w\" sizes=\"(max-width: 1024px) 100vw, 1024px\" \/><p id=\"caption-attachment-1589\" class=\"wp-caption-text\">De izquierda a derecha: Dra. Isabel Serra (presidenta de la SoCE), Dr. Javier Lafuente (Mgfc. Rector de la UAB), Dr. Juan Jes\u00fas Donaire (decano de la Facultad de Ciencias de la UAB), Dr. Lloren\u00e7 Badiella (subdirector del Servicio de Consultor\u00eda Matem\u00e1tica de la UAB)<\/p><\/div>\n<p>Uno de los momentos centrales de la jornada fue la conferencia del <strong>Dr. Daniel Pe\u00f1a<\/strong> (Catedr\u00e1tico em\u00e9rito, Universidad Carlos III de Madrid), titulada \u201c<em>La contribuci\u00f3n de la Estad\u00edstica a la Inteligencia Artificial<\/em>\u201d, en la que se reflexion\u00f3 sobre la evoluci\u00f3n del aprendizaje estad\u00edstico en la era del big data y las posibles sinergias entre m\u00e9todos estad\u00edsticos explicables y t\u00e9cnicas modernas de inteligencia artificial. La sesi\u00f3n fue presentada y moderada por la <strong>Dra. Montserrat Guill\u00e9n<\/strong> (Catedr\u00e1tica de la Universidad de Barcelona).<\/p>\n<p><a href=\"https:\/\/mat.uab.cat\/web\/mcs\/wp-content\/uploads\/sites\/18\/2025\/10\/ContribucionEstadIA_UAB2025_DP.pdf\">Enlace a las diapositivas de la presentaci\u00f3n<\/a><\/p>\n<p><div id=\"attachment_1590\" style=\"width: 1034px\" class=\"wp-caption aligncenter\"><img decoding=\"async\" aria-describedby=\"caption-attachment-1590\" class=\"wp-image-1590 size-large\" src=\"https:\/\/mat.uab.cat\/web\/mcs\/wp-content\/uploads\/sites\/18\/2025\/10\/DanielPenaMontserratGuillen-1024x576.jpg\" alt=\"\" width=\"1024\" height=\"576\" srcset=\"https:\/\/mat.uab.cat\/web\/mcs\/wp-content\/uploads\/sites\/18\/2025\/10\/DanielPenaMontserratGuillen-200x113.jpg 200w, https:\/\/mat.uab.cat\/web\/mcs\/wp-content\/uploads\/sites\/18\/2025\/10\/DanielPenaMontserratGuillen-300x169.jpg 300w, https:\/\/mat.uab.cat\/web\/mcs\/wp-content\/uploads\/sites\/18\/2025\/10\/DanielPenaMontserratGuillen-400x225.jpg 400w, https:\/\/mat.uab.cat\/web\/mcs\/wp-content\/uploads\/sites\/18\/2025\/10\/DanielPenaMontserratGuillen-600x338.jpg 600w, https:\/\/mat.uab.cat\/web\/mcs\/wp-content\/uploads\/sites\/18\/2025\/10\/DanielPenaMontserratGuillen-768x432.jpg 768w, https:\/\/mat.uab.cat\/web\/mcs\/wp-content\/uploads\/sites\/18\/2025\/10\/DanielPenaMontserratGuillen-800x450.jpg 800w, https:\/\/mat.uab.cat\/web\/mcs\/wp-content\/uploads\/sites\/18\/2025\/10\/DanielPenaMontserratGuillen-1024x576.jpg 1024w, https:\/\/mat.uab.cat\/web\/mcs\/wp-content\/uploads\/sites\/18\/2025\/10\/DanielPenaMontserratGuillen-1200x675.jpg 1200w, https:\/\/mat.uab.cat\/web\/mcs\/wp-content\/uploads\/sites\/18\/2025\/10\/DanielPenaMontserratGuillen-1536x864.jpg 1536w, https:\/\/mat.uab.cat\/web\/mcs\/wp-content\/uploads\/sites\/18\/2025\/10\/DanielPenaMontserratGuillen.jpg 1600w\" sizes=\"(max-width: 1024px) 100vw, 1024px\" \/><p id=\"caption-attachment-1590\" class=\"wp-caption-text\">Dra. Montserrat Guill\u00e9n (catedr\u00e1tica de la UB) y Dr. Daniel Pe\u00f1a (catedr\u00e1tico em\u00e9rito de la UC3M) durante la presentaci\u00f3n del ponente<\/p><\/div>\n<div id=\"attachment_1591\" style=\"width: 1034px\" class=\"wp-caption aligncenter\"><img decoding=\"async\" aria-describedby=\"caption-attachment-1591\" class=\"wp-image-1591 size-large\" src=\"https:\/\/mat.uab.cat\/web\/mcs\/wp-content\/uploads\/sites\/18\/2025\/10\/DanielPena-1024x768.jpg\" alt=\"\" width=\"1024\" height=\"768\" srcset=\"https:\/\/mat.uab.cat\/web\/mcs\/wp-content\/uploads\/sites\/18\/2025\/10\/DanielPena-200x150.jpg 200w, https:\/\/mat.uab.cat\/web\/mcs\/wp-content\/uploads\/sites\/18\/2025\/10\/DanielPena-300x225.jpg 300w, https:\/\/mat.uab.cat\/web\/mcs\/wp-content\/uploads\/sites\/18\/2025\/10\/DanielPena-400x300.jpg 400w, https:\/\/mat.uab.cat\/web\/mcs\/wp-content\/uploads\/sites\/18\/2025\/10\/DanielPena-600x450.jpg 600w, https:\/\/mat.uab.cat\/web\/mcs\/wp-content\/uploads\/sites\/18\/2025\/10\/DanielPena-768x576.jpg 768w, https:\/\/mat.uab.cat\/web\/mcs\/wp-content\/uploads\/sites\/18\/2025\/10\/DanielPena-800x600.jpg 800w, https:\/\/mat.uab.cat\/web\/mcs\/wp-content\/uploads\/sites\/18\/2025\/10\/DanielPena-1024x768.jpg 1024w, https:\/\/mat.uab.cat\/web\/mcs\/wp-content\/uploads\/sites\/18\/2025\/10\/DanielPena-1200x900.jpg 1200w, https:\/\/mat.uab.cat\/web\/mcs\/wp-content\/uploads\/sites\/18\/2025\/10\/DanielPena-1536x1152.jpg 1536w, https:\/\/mat.uab.cat\/web\/mcs\/wp-content\/uploads\/sites\/18\/2025\/10\/DanielPena.jpg 1600w\" sizes=\"(max-width: 1024px) 100vw, 1024px\" \/><p id=\"caption-attachment-1591\" class=\"wp-caption-text\">Conferencia Dr. Daniel Pe\u00f1a<\/p><\/div><\/p>\n<p>Despu\u00e9s de la pausa-caf\u00e9, la jornada continu\u00f3 con la Actividad L\u00fadica<\/p>\n<p style=\"text-align: center\"><strong><span style=\"font-size: 18pt\">Buscant el\/la millor \u00abStatistician &amp;<br \/>\nData Scientist of Catalonia\u00bb<\/span><\/strong><\/p>\n<p>Una competici\u00f3n organizada en dos fases y conducida por el <strong>Dr. V\u00edctor Navas<\/strong>. El premio al \u00ab<strong>Best Statistician &amp; Data Scientist<\/strong>\u00bb se otorg\u00f3 al <strong>Dr. Pedro Delicado<\/strong>, quien destac\u00f3 por demostrar conocimientos en todos los \u00e1mbitos propuestos durante las pruebas.<\/p>\n<div id=\"attachment_1592\" style=\"width: 1034px\" class=\"wp-caption aligncenter\"><img decoding=\"async\" aria-describedby=\"caption-attachment-1592\" class=\"wp-image-1592 size-large\" src=\"https:\/\/mat.uab.cat\/web\/mcs\/wp-content\/uploads\/sites\/18\/2025\/10\/ActivitatLudica2-1024x768.jpg\" alt=\"\" width=\"1024\" height=\"768\" srcset=\"https:\/\/mat.uab.cat\/web\/mcs\/wp-content\/uploads\/sites\/18\/2025\/10\/ActivitatLudica2-200x150.jpg 200w, https:\/\/mat.uab.cat\/web\/mcs\/wp-content\/uploads\/sites\/18\/2025\/10\/ActivitatLudica2-300x225.jpg 300w, https:\/\/mat.uab.cat\/web\/mcs\/wp-content\/uploads\/sites\/18\/2025\/10\/ActivitatLudica2-400x300.jpg 400w, https:\/\/mat.uab.cat\/web\/mcs\/wp-content\/uploads\/sites\/18\/2025\/10\/ActivitatLudica2-600x450.jpg 600w, https:\/\/mat.uab.cat\/web\/mcs\/wp-content\/uploads\/sites\/18\/2025\/10\/ActivitatLudica2-768x576.jpg 768w, https:\/\/mat.uab.cat\/web\/mcs\/wp-content\/uploads\/sites\/18\/2025\/10\/ActivitatLudica2-800x600.jpg 800w, https:\/\/mat.uab.cat\/web\/mcs\/wp-content\/uploads\/sites\/18\/2025\/10\/ActivitatLudica2-1024x768.jpg 1024w, https:\/\/mat.uab.cat\/web\/mcs\/wp-content\/uploads\/sites\/18\/2025\/10\/ActivitatLudica2-1200x900.jpg 1200w, https:\/\/mat.uab.cat\/web\/mcs\/wp-content\/uploads\/sites\/18\/2025\/10\/ActivitatLudica2-1536x1152.jpg 1536w, https:\/\/mat.uab.cat\/web\/mcs\/wp-content\/uploads\/sites\/18\/2025\/10\/ActivitatLudica2.jpg 1600w\" sizes=\"(max-width: 1024px) 100vw, 1024px\" \/><p id=\"caption-attachment-1592\" class=\"wp-caption-text\">Finalistas de la Activitat L\u00fadica<\/p><\/div>\n<p>Seguidamente, se realiz\u00f3 la entrega de los premios del XXIII Concurso Student, donde se reconocieron los mejores trabajos de grado, m\u00e1ster i bioestad\u00edstica:<\/p>\n<div id=\"attachment_1593\" style=\"width: 1034px\" class=\"wp-caption aligncenter\"><img decoding=\"async\" aria-describedby=\"caption-attachment-1593\" class=\"wp-image-1593 size-large\" src=\"https:\/\/mat.uab.cat\/web\/mcs\/wp-content\/uploads\/sites\/18\/2025\/10\/GuanyadorsStudent-1-e1762240285287-1024x549.jpg\" alt=\"\" width=\"1024\" height=\"549\" srcset=\"https:\/\/mat.uab.cat\/web\/mcs\/wp-content\/uploads\/sites\/18\/2025\/10\/GuanyadorsStudent-1-e1762240285287-200x107.jpg 200w, https:\/\/mat.uab.cat\/web\/mcs\/wp-content\/uploads\/sites\/18\/2025\/10\/GuanyadorsStudent-1-e1762240285287-300x161.jpg 300w, https:\/\/mat.uab.cat\/web\/mcs\/wp-content\/uploads\/sites\/18\/2025\/10\/GuanyadorsStudent-1-e1762240285287-400x214.jpg 400w, https:\/\/mat.uab.cat\/web\/mcs\/wp-content\/uploads\/sites\/18\/2025\/10\/GuanyadorsStudent-1-e1762240285287-600x321.jpg 600w, https:\/\/mat.uab.cat\/web\/mcs\/wp-content\/uploads\/sites\/18\/2025\/10\/GuanyadorsStudent-1-e1762240285287-768x411.jpg 768w, https:\/\/mat.uab.cat\/web\/mcs\/wp-content\/uploads\/sites\/18\/2025\/10\/GuanyadorsStudent-1-e1762240285287-800x429.jpg 800w, https:\/\/mat.uab.cat\/web\/mcs\/wp-content\/uploads\/sites\/18\/2025\/10\/GuanyadorsStudent-1-e1762240285287-1024x549.jpg 1024w, https:\/\/mat.uab.cat\/web\/mcs\/wp-content\/uploads\/sites\/18\/2025\/10\/GuanyadorsStudent-1-e1762240285287-1200x643.jpg 1200w, https:\/\/mat.uab.cat\/web\/mcs\/wp-content\/uploads\/sites\/18\/2025\/10\/GuanyadorsStudent-1-e1762240285287.jpg 1344w\" sizes=\"(max-width: 1024px) 100vw, 1024px\" \/><p id=\"caption-attachment-1593\" class=\"wp-caption-text\">Fotograf\u00eda de los ganadores (o en representaci\u00f3n) del concurso Student conjuntamente con quien entregaron los certificados<\/p><\/div>\n<p><a href=\"https:\/\/mat.uab.cat\/web\/mcs\/es\/resolucionxxiiistudent\/\" target=\"_blank\" rel=\"noopener\">Enlace a la resoluci\u00f3n del XXIII Concurso Student de Estad\u00edstica Aplicada<\/a><\/p>\n<p>El acto fue clausurado por el <strong>Dr. Llu\u00eds Quer<\/strong>, coordinador del grado de Estad\u00edstica Aplicada de la UAB, quien hizo un repaso a todas las actividades realizadas al largo de la jornada y expres\u00f3 un sincero agradecimiento a todos los colaboradores.<\/p>\n<p>La comida al restaurante de Ciencias permiti\u00f3 continuar con el intercambio de ideas y contactos en un ambiente m\u00e1s distendido.<\/p>\n<p>Por la tarde, se celebr\u00f3 la Asamblea anual de la Societat Catalana d\u2019Estad\u00edstica.<\/p>\n<div id=\"attachment_1477\" style=\"width: 110px\" class=\"wp-caption aligncenter\"><img decoding=\"async\" aria-describedby=\"caption-attachment-1477\" class=\"wp-image-1477 size-full\" src=\"https:\/\/mat.uab.cat\/web\/mcs\/wp-content\/uploads\/sites\/18\/2025\/09\/logo-SCE.png\" alt=\"\" width=\"100\" height=\"60\" \/><p id=\"caption-attachment-1477\" class=\"wp-caption-text\">Logotipo SoCE<\/p><\/div>\n<p>Este XXV aniversario ha sido una gran ocasi\u00f3n para poner en valor el camino recorrido por la estad\u00edstica a Catalunya y, a la vez, para abrir nuevas perspectivas en un contexto cada vez m\u00e1s marcado por los datos masivos y la inteligencia artificial.<\/p>\n<\/div><div class=\"fusion-text fusion-text-2\"><\/div><\/div><\/div><\/div><\/div><\/p>\n","protected":false},"excerpt":{"rendered":"","protected":false},"author":24,"featured_media":0,"parent":0,"menu_order":0,"comment_status":"closed","ping_status":"closed","template":"","meta":{"footnotes":""},"class_list":["post-1617","page","type-page","status-publish","hentry"],"_links":{"self":[{"href":"https:\/\/mat.uab.cat\/web\/mcs\/wp-json\/wp\/v2\/pages\/1617","targetHints":{"allow":["GET"]}}],"collection":[{"href":"https:\/\/mat.uab.cat\/web\/mcs\/wp-json\/wp\/v2\/pages"}],"about":[{"href":"https:\/\/mat.uab.cat\/web\/mcs\/wp-json\/wp\/v2\/types\/page"}],"author":[{"embeddable":true,"href":"https:\/\/mat.uab.cat\/web\/mcs\/wp-json\/wp\/v2\/users\/24"}],"replies":[{"embeddable":true,"href":"https:\/\/mat.uab.cat\/web\/mcs\/wp-json\/wp\/v2\/comments?post=1617"}],"version-history":[{"count":1,"href":"https:\/\/mat.uab.cat\/web\/mcs\/wp-json\/wp\/v2\/pages\/1617\/revisions"}],"predecessor-version":[{"id":1624,"href":"https:\/\/mat.uab.cat\/web\/mcs\/wp-json\/wp\/v2\/pages\/1617\/revisions\/1624"}],"wp:attachment":[{"href":"https:\/\/mat.uab.cat\/web\/mcs\/wp-json\/wp\/v2\/media?parent=1617"}],"curies":[{"name":"wp","href":"https:\/\/api.w.org\/{rel}","templated":true}]}}